{"id":849,"date":"2017-01-07T19:03:34","date_gmt":"2017-01-07T18:03:34","guid":{"rendered":"http:\/\/pilau.fr\/wordpress\/?page_id=849"},"modified":"2017-01-07T19:04:02","modified_gmt":"2017-01-07T18:04:02","slug":"modes-demploi-avec-les-eleves-du-master-bd-de-leesi","status":"publish","type":"page","link":"https:\/\/pilau.fr\/wordpress\/?page_id=849","title":{"rendered":"Modes d\u2019Emploi avec les \u00e9l\u00e8ves du master BD de l\u2019EESI"},"content":{"rendered":"<p>L\u2019exposition Modes d&#8217;emploi\u00a0est le r\u00e9sultat d\u2019un workshop men\u00e9 avec les \u00e9l\u00e8ves de master BD de l\u2019EESI (en partenariat avec le Festival Filmer le travail, avec Jean-Paul G\u00e9hin). Le projet p\u00e9dagogique s\u2019articulait autour de 3\u00a0enjeux :<\/p>\n<ul>\n<li>Un enjeu de r\u00e9flexion sur la forme bande dessin\u00e9e, abord\u00e9e par un travail cr\u00e9atif sous contrainte formelle\u00a0:R\u00e9aliser des bandes dessin\u00e9es con\u00e7ues pour l&rsquo;exposition plut\u00f4t que pour l&rsquo;impression, qui se d\u00e9ploient dans l&rsquo;espace et sur le mur plut\u00f4t que dans un livre.<\/li>\n<li>Un enjeu d\u2019appropriation des outils de l\u2019analyse sociologique, traduit dans une contrainte th\u00e9matique suppl\u00e9mentaire :\u00a0Proposer des \u0153uvres de bande dessin\u00e9es inspir\u00e9es par les t\u00e9moignages recueillis par Radio France &lsquo;\u00a0\u00bbQuel Travail voulons nous ?\u00a0\u00bb<\/li>\n<li>Un enjeu de sensibilisation aux responsabilit\u00e9s et aux t\u00e2ches d\u2019organisation d\u2019une exposition de bande dessin\u00e9e\u00a0:\u00a0Prendre en charge les diff\u00e9rents chantiers d\u2019organisation d\u2019une exposition\u00a0: r\u00e9gie des locaux, sc\u00e9nographie, accrochage, communication, documents d\u2019exposition, relations avec les partenaires\u2026<\/li>\n<\/ul>\n<p><span style=\"letter-spacing: 0.05em;\">L\u2019exposition, s\u2019est tenue dans un local de 80m2 en centre ville d\u2019Angoul\u00eame pendant les 4 jours du <strong>FIBD 2013<\/strong> :\u00a0<\/span>769 visiteurs ont \u00e9t\u00e9 compt\u00e9s sur les 4 jours du festival, auxquels il faut ajouter une centaine de visiteurs lors du petit d\u00e9jeuner d\u2019ouverture organis\u00e9 par les \u00e9tudiants.<\/p>\n<p>L\u2019exposition a ensuite \u00e9t\u00e9 montr\u00e9e \u00e0 la <strong>m\u00e9diath\u00e8que Fran\u00e7ois-Mitterrand de Poitiers<\/strong> du 5 au 17 f\u00e9vrier, dans le cadre du <strong>festival <em>Filmer le travail<\/em><\/strong>.<\/p>\n<p>Treize \u0153uvres ont \u00e9t\u00e9 expos\u00e9es, r\u00e9alis\u00e9es par quatorze \u00e9tudiants de Master BD\u00a0: Melissa Mondragon, Moon Li (Mathilde Landry), Margaux Chetteau et Emilie Sanchez, Laurent Bur\u00e9, Olivier Cr\u00e9pin, Rojer Feghali, Viktor Fourcade, Katerina Stourna, YuBing Li, Etienne Warneck, Hugo Huaulm\u00e9, Mathilde Pignatelli et Sarah Ayadi.<\/p>\n<p>Autres r\u00e9alisations autour de l\u2019exposition\u00a0:<\/p>\n<ul>\n<li>R\u00e9alisation et impression d\u2019un catalogue de l\u2019exposition et\u00a0d\u2019un livret d\u2019exposition pr\u00e9sentant les transcriptions des t\u00e9moignages utilis\u00e9s par les artistes \u00a0;<\/li>\n<li>R\u00e9alisation et impression d\u2019une affiche de l\u2019exposition d\u00e9clin\u00e9e en flyers<\/li>\n<li>R\u00e9alisation d\u2019un reportage photo<\/li>\n<\/ul>\n<div id=\"attachment_847\" style=\"width: 222px\" class=\"wp-caption aligncenter\"><a href=\"http:\/\/pilau.fr\/wordpress\/wp-content\/uploads\/2014\/11\/Affpoitiers-2-min.jpg\"><img loading=\"lazy\" decoding=\"async\" aria-describedby=\"caption-attachment-847\" class=\"wp-image-847 size-medium\" src=\"http:\/\/pilau.fr\/wordpress\/wp-content\/uploads\/2014\/11\/Affpoitiers-2-min-212x300.jpg\" alt=\"affiche (Sarah AYadi et Olivier Cr\u00e9pin)\" width=\"212\" height=\"300\" srcset=\"https:\/\/pilau.fr\/wordpress\/wp-content\/uploads\/2014\/11\/Affpoitiers-2-min-212x300.jpg 212w, https:\/\/pilau.fr\/wordpress\/wp-content\/uploads\/2014\/11\/Affpoitiers-2-min-768x1086.jpg 768w, https:\/\/pilau.fr\/wordpress\/wp-content\/uploads\/2014\/11\/Affpoitiers-2-min-724x1024.jpg 724w, https:\/\/pilau.fr\/wordpress\/wp-content\/uploads\/2014\/11\/Affpoitiers-2-min.jpg 1240w\" sizes=\"(max-width: 212px) 100vw, 212px\" \/><\/a><p id=\"caption-attachment-847\" class=\"wp-caption-text\">affiche (Sarah AYadi et Olivier Cr\u00e9pin)<\/p><\/div>\n<div id=\"attachment_855\" style=\"width: 310px\" class=\"wp-caption alignleft\"><a href=\"http:\/\/pilau.fr\/wordpress\/wp-content\/uploads\/2017\/01\/IMG_5720.jpg\"><img loading=\"lazy\" decoding=\"async\" aria-describedby=\"caption-attachment-855\" class=\"size-medium wp-image-855\" src=\"http:\/\/pilau.fr\/wordpress\/wp-content\/uploads\/2017\/01\/IMG_5720-300x200.jpg\" alt=\"Vincent Longhi (\u00e0 confirmer...?)\" width=\"300\" height=\"200\" srcset=\"https:\/\/pilau.fr\/wordpress\/wp-content\/uploads\/2017\/01\/IMG_5720-300x200.jpg 300w, https:\/\/pilau.fr\/wordpress\/wp-content\/uploads\/2017\/01\/IMG_5720-768x512.jpg 768w, https:\/\/pilau.fr\/wordpress\/wp-content\/uploads\/2017\/01\/IMG_5720-1024x683.jpg 1024w\" sizes=\"(max-width: 300px) 100vw, 300px\" \/><\/a><p id=\"caption-attachment-855\" class=\"wp-caption-text\">Vincent Longhi (\u00e0 confirmer&#8230;?)<\/p><\/div>\n<div id=\"attachment_854\" style=\"width: 210px\" class=\"wp-caption alignleft\"><a href=\"http:\/\/pilau.fr\/wordpress\/wp-content\/uploads\/2017\/01\/IMG_5888.jpg\"><img loading=\"lazy\" decoding=\"async\" aria-describedby=\"caption-attachment-854\" class=\"size-medium wp-image-854\" src=\"http:\/\/pilau.fr\/wordpress\/wp-content\/uploads\/2017\/01\/IMG_5888-200x300.jpg\" alt=\"Margaux Chetteau et Emilie Sanchez (\u00e0 confirmer ?)\" width=\"200\" height=\"300\" srcset=\"https:\/\/pilau.fr\/wordpress\/wp-content\/uploads\/2017\/01\/IMG_5888-200x300.jpg 200w, https:\/\/pilau.fr\/wordpress\/wp-content\/uploads\/2017\/01\/IMG_5888-768x1152.jpg 768w, https:\/\/pilau.fr\/wordpress\/wp-content\/uploads\/2017\/01\/IMG_5888-683x1024.jpg 683w, https:\/\/pilau.fr\/wordpress\/wp-content\/uploads\/2017\/01\/IMG_5888.jpg 1728w\" sizes=\"(max-width: 200px) 100vw, 200px\" \/><\/a><p id=\"caption-attachment-854\" class=\"wp-caption-text\">Margaux Chetteau et Emilie Sanchez (\u00e0 confirmer ?)<\/p><\/div>\n<div id=\"attachment_853\" style=\"width: 210px\" class=\"wp-caption alignleft\"><a href=\"http:\/\/pilau.fr\/wordpress\/wp-content\/uploads\/2017\/01\/IMG_5897.jpg\"><img loading=\"lazy\" decoding=\"async\" aria-describedby=\"caption-attachment-853\" class=\"size-medium wp-image-853\" src=\"http:\/\/pilau.fr\/wordpress\/wp-content\/uploads\/2017\/01\/IMG_5897-200x300.jpg\" alt=\"Olivier Cr\u00e9pin\" width=\"200\" height=\"300\" srcset=\"https:\/\/pilau.fr\/wordpress\/wp-content\/uploads\/2017\/01\/IMG_5897-200x300.jpg 200w, https:\/\/pilau.fr\/wordpress\/wp-content\/uploads\/2017\/01\/IMG_5897-768x1152.jpg 768w, https:\/\/pilau.fr\/wordpress\/wp-content\/uploads\/2017\/01\/IMG_5897-683x1024.jpg 683w, https:\/\/pilau.fr\/wordpress\/wp-content\/uploads\/2017\/01\/IMG_5897.jpg 1728w\" sizes=\"(max-width: 200px) 100vw, 200px\" \/><\/a><p id=\"caption-attachment-853\" class=\"wp-caption-text\">Olivier Cr\u00e9pin<\/p><\/div>\n<div id=\"attachment_852\" style=\"width: 310px\" class=\"wp-caption alignleft\"><a href=\"http:\/\/pilau.fr\/wordpress\/wp-content\/uploads\/2017\/01\/IMG-20130205-00117.jpg\"><img loading=\"lazy\" decoding=\"async\" aria-describedby=\"caption-attachment-852\" class=\"size-medium wp-image-852\" src=\"http:\/\/pilau.fr\/wordpress\/wp-content\/uploads\/2017\/01\/IMG-20130205-00117-300x225.jpg\" alt=\"Hugo Huaulm\u00e9 (\u00e0 confirmer ?)\" width=\"300\" height=\"225\" srcset=\"https:\/\/pilau.fr\/wordpress\/wp-content\/uploads\/2017\/01\/IMG-20130205-00117-300x225.jpg 300w, https:\/\/pilau.fr\/wordpress\/wp-content\/uploads\/2017\/01\/IMG-20130205-00117-768x576.jpg 768w, https:\/\/pilau.fr\/wordpress\/wp-content\/uploads\/2017\/01\/IMG-20130205-00117-1024x768.jpg 1024w, https:\/\/pilau.fr\/wordpress\/wp-content\/uploads\/2017\/01\/IMG-20130205-00117.jpg 2048w\" sizes=\"(max-width: 300px) 100vw, 300px\" \/><\/a><p id=\"caption-attachment-852\" class=\"wp-caption-text\">Hugo Huaulm\u00e9 (\u00e0 confirmer ?)<\/p><\/div>\n<div id=\"attachment_851\" style=\"width: 310px\" class=\"wp-caption alignleft\"><a href=\"http:\/\/pilau.fr\/wordpress\/wp-content\/uploads\/2017\/01\/IMG04724-20130131-1149.jpg\"><img loading=\"lazy\" decoding=\"async\" aria-describedby=\"caption-attachment-851\" class=\"size-medium wp-image-851\" src=\"http:\/\/pilau.fr\/wordpress\/wp-content\/uploads\/2017\/01\/IMG04724-20130131-1149-300x225.jpg\" alt=\"Mathilde Pignatelli\" width=\"300\" height=\"225\" srcset=\"https:\/\/pilau.fr\/wordpress\/wp-content\/uploads\/2017\/01\/IMG04724-20130131-1149-300x225.jpg 300w, https:\/\/pilau.fr\/wordpress\/wp-content\/uploads\/2017\/01\/IMG04724-20130131-1149-768x576.jpg 768w, https:\/\/pilau.fr\/wordpress\/wp-content\/uploads\/2017\/01\/IMG04724-20130131-1149-1024x768.jpg 1024w, https:\/\/pilau.fr\/wordpress\/wp-content\/uploads\/2017\/01\/IMG04724-20130131-1149.jpg 1792w\" sizes=\"(max-width: 300px) 100vw, 300px\" \/><\/a><p id=\"caption-attachment-851\" class=\"wp-caption-text\">Mathilde Pignatelli<\/p><\/div>\n","protected":false},"excerpt":{"rendered":"<p>L\u2019exposition Modes d&#8217;emploi\u00a0est le r\u00e9sultat d\u2019un workshop men\u00e9 avec les \u00e9l\u00e8ves de master BD de l\u2019EESI (en partenariat avec le Festival Filmer le travail, avec Jean-Paul G\u00e9hin). Le projet p\u00e9dagogique s\u2019articulait autour de 3\u00a0enjeux : Un enjeu de r\u00e9flexion sur&hellip;<\/p>\n<p class=\"more-link-p\"><a class=\"more-link\" href=\"https:\/\/pilau.fr\/wordpress\/?page_id=849\">Read more &rarr;<\/a><\/p>\n","protected":false},"author":1,"featured_media":0,"parent":130,"menu_order":0,"comment_status":"closed","ping_status":"closed","template":"","meta":{"footnotes":""},"_links":{"self":[{"href":"https:\/\/pilau.fr\/wordpress\/index.php?rest_route=\/wp\/v2\/pages\/849"}],"collection":[{"href":"https:\/\/pilau.fr\/wordpress\/index.php?rest_route=\/wp\/v2\/pages"}],"about":[{"href":"https:\/\/pilau.fr\/wordpress\/index.php?rest_route=\/wp\/v2\/types\/page"}],"author":[{"embeddable":true,"href":"https:\/\/pilau.fr\/wordpress\/index.php?rest_route=\/wp\/v2\/users\/1"}],"replies":[{"embeddable":true,"href":"https:\/\/pilau.fr\/wordpress\/index.php?rest_route=%2Fwp%2Fv2%2Fcomments&post=849"}],"version-history":[{"count":1,"href":"https:\/\/pilau.fr\/wordpress\/index.php?rest_route=\/wp\/v2\/pages\/849\/revisions"}],"predecessor-version":[{"id":857,"href":"https:\/\/pilau.fr\/wordpress\/index.php?rest_route=\/wp\/v2\/pages\/849\/revisions\/857"}],"up":[{"embeddable":true,"href":"https:\/\/pilau.fr\/wordpress\/index.php?rest_route=\/wp\/v2\/pages\/130"}],"wp:attachment":[{"href":"https:\/\/pilau.fr\/wordpress\/index.php?rest_route=%2Fwp%2Fv2%2Fmedia&parent=849"}],"curies":[{"name":"wp","href":"https:\/\/api.w.org\/{rel}","templated":true}]}}