{"id":41,"date":"2014-10-26T14:44:22","date_gmt":"2014-10-26T13:44:22","guid":{"rendered":"http:\/\/pilau.fr\/wordpress\/?page_id=41"},"modified":"2015-01-03T20:08:12","modified_gmt":"2015-01-03T19:08:12","slug":"dici-de-la-bas","status":"publish","type":"page","link":"http:\/\/pilau.fr\/wordpress\/?page_id=41","title":{"rendered":"D&rsquo;ici, de l\u00e0-bas"},"content":{"rendered":"<p><strong><em>D\u2019ici, de l\u00e0-bas<\/em><\/strong><strong>\u00a0: une exposition de bandes dessin\u00e9es du monde entier.<\/strong><\/p>\n<p>A chaque escale (Angoul\u00eame, Bruxelles, Montrouge\u2026) l\u2019exposition se renouvelle pour montrer une nouvelle s\u00e9lection d\u2019artistes \u00e9mergents de tous les continents. A chaque escale, nous r\u00e9inventons une sc\u00e9nographie adapt\u00e9e au lieu et \u00e0 la mise en valeur des cr\u00e9ations pr\u00e9sent\u00e9es.<a href=\"http:\/\/pilau.fr\/wordpress\/wp-content\/uploads\/2014\/10\/escale_a_bruxelles-cadre-ok.gif\"><img loading=\"lazy\" decoding=\"async\" class=\"alignnone size-medium wp-image-42\" src=\"http:\/\/pilau.fr\/wordpress\/wp-content\/uploads\/2014\/10\/escale_a_bruxelles-cadre-ok-300x212.gif\" alt=\"escale_a_bruxelles-cadre-ok\" width=\"300\" height=\"212\" srcset=\"http:\/\/pilau.fr\/wordpress\/wp-content\/uploads\/2014\/10\/escale_a_bruxelles-cadre-ok-300x212.gif 300w, http:\/\/pilau.fr\/wordpress\/wp-content\/uploads\/2014\/10\/escale_a_bruxelles-cadre-ok-1024x725.gif 1024w, http:\/\/pilau.fr\/wordpress\/wp-content\/uploads\/2014\/10\/escale_a_bruxelles-cadre-ok-845x598.gif 845w, http:\/\/pilau.fr\/wordpress\/wp-content\/uploads\/2014\/10\/escale_a_bruxelles-cadre-ok-48x34.gif 48w, http:\/\/pilau.fr\/wordpress\/wp-content\/uploads\/2014\/10\/escale_a_bruxelles-cadre-ok-570x404.gif 570w, http:\/\/pilau.fr\/wordpress\/wp-content\/uploads\/2014\/10\/escale_a_bruxelles-cadre-ok-200x141.gif 200w\" sizes=\"(max-width: 300px) 100vw, 300px\" \/><\/a><\/p>\n<p>&nbsp;<\/p>\n<p><strong>Des bandes dessin\u00e9es du monde entier <\/strong><\/p>\n<p>La g\u00e9ographie de la bande dessin\u00e9e ne peut se r\u00e9duire \u00e0 la vision globale qu\u2019on nous propose sommairement et dans laquelle se distinguent trois continents : Manga, Comics et Franco-Belge. La g\u00e9ographie contemporaine de la bande dessin\u00e9e accepte aussi d\u2019autres fronti\u00e8res que celles trac\u00e9es dans les expositions consacr\u00e9es aux productions nationales. Nous proposons une nouvelle fa\u00e7on d\u2019aborder la g\u00e9ographie culturelle et artistique de la bande dessin\u00e9e ; nous proposons de regarder ce paysage \u00e0 hauteur d\u2019artiste. Nous proposons une g\u00e9ographie faite d\u2019\u00e9changes, de voyages, de rencontres, d\u2019influences au travers des parcours d\u2019auteurs. Tous r\u00e9sident ou ont r\u00e9sid\u00e9 en France ou en Belgique. Tous vivent aussi au loin : au Br\u00e9sil, au Qu\u00e9bec, en Iran, en Chine, \u00e0 Hambourg, Valence, Ath\u00e8nes&#8230; Dans tous les cas, il est question d\u2019une distance, parcourue ou \u00e0 parcourir, r\u00e9elle ou imagin\u00e9e et qui peut se mesurer en kilom\u00e8tres ou en d\u00e9couvertes.<em>\u00a0<\/em><\/p>\n<p><strong>Une s\u00e9lection d\u2019artistes \u00e9mergents, des cr\u00e9ations de qualit\u00e9, <\/strong><\/p>\n<p>A l\u2019image des artistes de la premi\u00e8re exposition <em>D\u2019ici, de l\u00e0-bas<\/em> les jeunes auteurs que nous exposons sont issus du formidable vivier qui s\u2019est constitu\u00e9 \u00e0 Angoul\u00eame autour de l\u2019Ecole europ\u00e9enne Sup\u00e9rieure de l\u2019image, de la Maison des auteurs et des nombreux p\u00f4les cr\u00e9atifs de la ville. Artistes en devenir, ces jeunes auteurs, pr\u00e9sentent une cr\u00e9ation actuelle, exigeante et novatrice tout en restant accessible \u00e0 tous.<\/p>\n<p><strong>Une programmation en renouvellement permanent<\/strong><\/p>\n<p>Le r\u00e9seau d\u2019artistes que nous animons est un r\u00e9seau vivant, actif et cr\u00e9atif\u00a0: de nouvelles cr\u00e9ations nous sont r\u00e9guli\u00e8rement propos\u00e9es. Ainsi, \u00e0 chaque nouvel \u00e9v\u00e9nement <em>D\u2019ici, de l\u00e0-bas<\/em>, \u00e0 chaque nouvelle escale, nous sommes en mesure de pr\u00e9senter une programmation renouvel\u00e9e m\u00ealant des \u0153uvres d\u00e9j\u00e0 montr\u00e9es avec succ\u00e8s et des nouveaut\u00e9s.<\/p>\n<hr \/>\n<p><strong>Premi\u00e8re escale : ANGOULEME, janvier 2012 <\/strong>(pendant le festival d&rsquo;Angoul\u00eame)<\/p>\n<p>Avec\u00a0Quatorze jeunes artistes vivant l\u2019expatriation :<\/p>\n<p><strong><img loading=\"lazy\" decoding=\"async\" class=\"alignright wp-image-300 \" src=\"http:\/\/pilau.fr\/wordpress\/wp-content\/uploads\/2014\/10\/l-affiche-140112reduite-211x300.jpg\" alt=\"affiche dicidelabas angou 2012\" width=\"295\" height=\"411\" \/>Josep Avaria Avaria<\/strong>, espagnol, vit en France depuis 1 an apr\u00e8s avoir pass\u00e9 1 an \u00e0 Bruxelles &#8211; <strong>Nicolas Boucher<\/strong>, fran\u00e7ais, a pass\u00e9 3 ans au Qu\u00e9bec &#8211; <strong>Samir Dahmani<\/strong>, fran\u00e7ais, vit \u00e0 New York dans sa t\u00eate &#8211; <strong>Alex Dantas<\/strong>, br\u00e9silien, vit en France depuis un an &#8211; <strong>Lei Fang<\/strong>, chinoise, vit en France depuis 6 ans &#8211; <strong>Wei Li, <\/strong>chinois, vit \u00e0 Hambourg depuis 6 mois, apr\u00e8s 5 ans en France &#8211; <strong>Rudi Martens<\/strong>, n\u00e9 en Russie, vit \u00e0 Hambourg apr\u00e8s un s\u00e9jour en France &#8211; <strong>Alvaro Nofuentes<\/strong>, espagnol, vit \u00e0 Valence apr\u00e8s 4 ans pass\u00e9s en France &#8211; <strong>Morgane Parisi<\/strong>, fran\u00e7aise, vit \u00e0 Ath\u00e8nes depuis 6 mois &#8211; <strong>Reza Riahi<\/strong>, iranien, vit en France depuis 6 mois &#8211; <strong>Junik Shin<\/strong>, cor\u00e9en, vit en France depuis 6 ans &#8211; <strong>Emma Vakarelova<\/strong>, bulgare, vit en France depuis 1 an apr\u00e8s avoir pass\u00e9 1 an \u00e0 Bruxelles &#8211; <strong>Bokyung Yun<\/strong>, cor\u00e9enne, vit en France depuis 3 ans ) <strong>Alfonso Zapico<\/strong>, espagnol, vit en France depuis 3 ans<\/p>\n<p>voir le dossier de presse :\u00a0<a href=\"http:\/\/pilau.fr\/wordpress\/wp-content\/uploads\/2014\/10\/Dici-de-l\u00e0-bas_DP6light.pdf\">D&rsquo;ici de l\u00e0-bas_DP6light<\/a><\/p>\n<div id='gallery-1' class='gallery galleryid-41 gallery-columns-5 gallery-size-thumbnail'><dl class='gallery-item'>\n\t\t\t<dt class='gallery-icon landscape'>\n\t\t\t\t<a href='http:\/\/pilau.fr\/wordpress\/?attachment_id=311'><img loading=\"lazy\" decoding=\"async\" width=\"150\" height=\"150\" src=\"http:\/\/pilau.fr\/wordpress\/wp-content\/uploads\/2014\/10\/Emma-150x150.jpg\" class=\"attachment-thumbnail size-thumbnail\" alt=\"\" \/><\/a>\n\t\t\t<\/dt><\/dl><dl class='gallery-item'>\n\t\t\t<dt class='gallery-icon landscape'>\n\t\t\t\t<a href='http:\/\/pilau.fr\/wordpress\/?attachment_id=317'><img loading=\"lazy\" decoding=\"async\" width=\"150\" height=\"150\" src=\"http:\/\/pilau.fr\/wordpress\/wp-content\/uploads\/2014\/10\/Morgane-150x150.jpg\" class=\"attachment-thumbnail size-thumbnail\" alt=\"\" \/><\/a>\n\t\t\t<\/dt><\/dl><dl class='gallery-item'>\n\t\t\t<dt class='gallery-icon portrait'>\n\t\t\t\t<a href='http:\/\/pilau.fr\/wordpress\/?attachment_id=321'><img loading=\"lazy\" decoding=\"async\" width=\"150\" height=\"150\" src=\"http:\/\/pilau.fr\/wordpress\/wp-content\/uploads\/2014\/10\/Wei-150x150.jpg\" class=\"attachment-thumbnail size-thumbnail\" alt=\"\" \/><\/a>\n\t\t\t<\/dt><\/dl><dl class='gallery-item'>\n\t\t\t<dt class='gallery-icon landscape'>\n\t\t\t\t<a href='http:\/\/pilau.fr\/wordpress\/?attachment_id=303'><img loading=\"lazy\" decoding=\"async\" width=\"150\" height=\"150\" src=\"http:\/\/pilau.fr\/wordpress\/wp-content\/uploads\/2014\/10\/Alvaro-alfonso-150x150.jpg\" class=\"attachment-thumbnail size-thumbnail\" alt=\"\" \/><\/a>\n\t\t\t<\/dt><\/dl><dl class='gallery-item'>\n\t\t\t<dt class='gallery-icon portrait'>\n\t\t\t\t<a href='http:\/\/pilau.fr\/wordpress\/?attachment_id=318'><img loading=\"lazy\" decoding=\"async\" width=\"150\" height=\"150\" src=\"http:\/\/pilau.fr\/wordpress\/wp-content\/uploads\/2014\/10\/Nico-150x150.jpg\" class=\"attachment-thumbnail size-thumbnail\" alt=\"\" \/><\/a>\n\t\t\t<\/dt><\/dl><br style=\"clear: both\" \/><dl class='gallery-item'>\n\t\t\t<dt class='gallery-icon portrait'>\n\t\t\t\t<a href='http:\/\/pilau.fr\/wordpress\/?attachment_id=300'><img loading=\"lazy\" decoding=\"async\" width=\"150\" height=\"150\" src=\"http:\/\/pilau.fr\/wordpress\/wp-content\/uploads\/2014\/10\/l-affiche-140112reduite-150x150.jpg\" class=\"attachment-thumbnail size-thumbnail\" alt=\"\" \/><\/a>\n\t\t\t<\/dt><\/dl><dl class='gallery-item'>\n\t\t\t<dt class='gallery-icon landscape'>\n\t\t\t\t<a href='http:\/\/pilau.fr\/wordpress\/?attachment_id=302'><img loading=\"lazy\" decoding=\"async\" width=\"150\" height=\"150\" src=\"http:\/\/pilau.fr\/wordpress\/wp-content\/uploads\/2014\/10\/ALex-150x150.jpg\" class=\"attachment-thumbnail size-thumbnail\" alt=\"\" \/><\/a>\n\t\t\t<\/dt><\/dl><dl class='gallery-item'>\n\t\t\t<dt class='gallery-icon landscape'>\n\t\t\t\t<a href='http:\/\/pilau.fr\/wordpress\/?attachment_id=320'><img loading=\"lazy\" decoding=\"async\" width=\"150\" height=\"150\" src=\"http:\/\/pilau.fr\/wordpress\/wp-content\/uploads\/2014\/10\/Samir-150x150.jpg\" class=\"attachment-thumbnail size-thumbnail\" alt=\"\" \/><\/a>\n\t\t\t<\/dt><\/dl><dl class='gallery-item'>\n\t\t\t<dt class='gallery-icon landscape'>\n\t\t\t\t<a href='http:\/\/pilau.fr\/wordpress\/?attachment_id=304'><img loading=\"lazy\" decoding=\"async\" width=\"150\" height=\"150\" src=\"http:\/\/pilau.fr\/wordpress\/wp-content\/uploads\/2014\/10\/Bokyoung-150x150.jpg\" class=\"attachment-thumbnail size-thumbnail\" alt=\"\" \/><\/a>\n\t\t\t<\/dt><\/dl><dl class='gallery-item'>\n\t\t\t<dt class='gallery-icon landscape'>\n\t\t\t\t<a href='http:\/\/pilau.fr\/wordpress\/?attachment_id=316'><img loading=\"lazy\" decoding=\"async\" width=\"150\" height=\"150\" src=\"http:\/\/pilau.fr\/wordpress\/wp-content\/uploads\/2014\/10\/Lei-150x150.jpg\" class=\"attachment-thumbnail size-thumbnail\" alt=\"\" \/><\/a>\n\t\t\t<\/dt><\/dl><br style=\"clear: both\" \/><dl class='gallery-item'>\n\t\t\t<dt class='gallery-icon landscape'>\n\t\t\t\t<a href='http:\/\/pilau.fr\/wordpress\/?attachment_id=319'><img loading=\"lazy\" decoding=\"async\" width=\"150\" height=\"150\" src=\"http:\/\/pilau.fr\/wordpress\/wp-content\/uploads\/2014\/10\/Rudi-150x150.jpg\" class=\"attachment-thumbnail size-thumbnail\" alt=\"\" \/><\/a>\n\t\t\t<\/dt><\/dl><dl class='gallery-item'>\n\t\t\t<dt class='gallery-icon landscape'>\n\t\t\t\t<a href='http:\/\/pilau.fr\/wordpress\/?attachment_id=315'><img loading=\"lazy\" decoding=\"async\" width=\"150\" height=\"150\" src=\"http:\/\/pilau.fr\/wordpress\/wp-content\/uploads\/2014\/10\/Junik-150x150.jpg\" class=\"attachment-thumbnail size-thumbnail\" alt=\"\" \/><\/a>\n\t\t\t<\/dt><\/dl>\n\t\t\t<br style='clear: both' \/>\n\t\t<\/div>\n\n<hr \/>\n<p><strong>Deuxi\u00e8me\u00a0escale : BRUXELLES, sept.- oct. 2013\u00a0<\/strong>(Maison du livre)<\/p>\n<p><img loading=\"lazy\" decoding=\"async\" class=\"alignright wp-image-42 size-medium\" src=\"http:\/\/pilau.fr\/wordpress\/wp-content\/uploads\/2014\/10\/escale_a_bruxelles-cadre-ok-300x212.gif\" alt=\"escale_a_bruxelles-cadre-ok\" width=\"300\" height=\"212\" srcset=\"http:\/\/pilau.fr\/wordpress\/wp-content\/uploads\/2014\/10\/escale_a_bruxelles-cadre-ok-300x212.gif 300w, http:\/\/pilau.fr\/wordpress\/wp-content\/uploads\/2014\/10\/escale_a_bruxelles-cadre-ok-1024x725.gif 1024w, http:\/\/pilau.fr\/wordpress\/wp-content\/uploads\/2014\/10\/escale_a_bruxelles-cadre-ok-845x598.gif 845w, http:\/\/pilau.fr\/wordpress\/wp-content\/uploads\/2014\/10\/escale_a_bruxelles-cadre-ok-48x34.gif 48w, http:\/\/pilau.fr\/wordpress\/wp-content\/uploads\/2014\/10\/escale_a_bruxelles-cadre-ok-570x404.gif 570w, http:\/\/pilau.fr\/wordpress\/wp-content\/uploads\/2014\/10\/escale_a_bruxelles-cadre-ok-200x141.gif 200w\" sizes=\"(max-width: 300px) 100vw, 300px\" \/><\/p>\n<p>Avec\u00a0: Junik Shin, Alex Dantas, Emma Vakarelova, R\u00e9za Ri\u00e0hi, Jooa Chung, Saloomeh Sayah, Morgane Parisi, \u00c1lvaro Nofuentes, Wei Li, Rudi Martens, Lei Fang, Alfonso Zapico, Blas Parra Lamb\u00edes, Emilien Rime (Exhaeva), Zo\u00e9 Jusseret.<\/p>\n<p>voir le communiqu\u00e9 de presse :\u00a0<a href=\"http:\/\/pilau.fr\/wordpress\/wp-content\/uploads\/2014\/10\/Communiqu\u00e9-de-Presse-r\u00e9duit.pdf\">Brux Communiqu\u00e9 de Presse &#8211; r\u00e9duit<\/a><\/p>\n<p>&nbsp;<\/p>\n<div id='gallery-2' class='gallery galleryid-41 gallery-columns-4 gallery-size-thumbnail'><dl class='gallery-item'>\n\t\t\t<dt class='gallery-icon portrait'>\n\t\t\t\t<a href='http:\/\/pilau.fr\/wordpress\/?attachment_id=331'><img loading=\"lazy\" decoding=\"async\" width=\"150\" height=\"150\" src=\"http:\/\/pilau.fr\/wordpress\/wp-content\/uploads\/2014\/10\/extrait-photos-4-150x150.gif\" class=\"attachment-thumbnail size-thumbnail\" alt=\"\" \/><\/a>\n\t\t\t<\/dt><\/dl><dl class='gallery-item'>\n\t\t\t<dt class='gallery-icon portrait'>\n\t\t\t\t<a href='http:\/\/pilau.fr\/wordpress\/?attachment_id=328'><img loading=\"lazy\" decoding=\"async\" width=\"150\" height=\"150\" src=\"http:\/\/pilau.fr\/wordpress\/wp-content\/uploads\/2014\/10\/extrait-photos-1-150x150.gif\" class=\"attachment-thumbnail size-thumbnail\" alt=\"\" \/><\/a>\n\t\t\t<\/dt><\/dl><dl class='gallery-item'>\n\t\t\t<dt class='gallery-icon portrait'>\n\t\t\t\t<a href='http:\/\/pilau.fr\/wordpress\/?attachment_id=329'><img loading=\"lazy\" decoding=\"async\" width=\"150\" height=\"150\" src=\"http:\/\/pilau.fr\/wordpress\/wp-content\/uploads\/2014\/10\/extrait-photos-2-150x150.gif\" class=\"attachment-thumbnail size-thumbnail\" alt=\"\" \/><\/a>\n\t\t\t<\/dt><\/dl><dl class='gallery-item'>\n\t\t\t<dt class='gallery-icon portrait'>\n\t\t\t\t<a href='http:\/\/pilau.fr\/wordpress\/?attachment_id=330'><img loading=\"lazy\" decoding=\"async\" width=\"150\" height=\"150\" src=\"http:\/\/pilau.fr\/wordpress\/wp-content\/uploads\/2014\/10\/extrait-photos-3-150x150.gif\" class=\"attachment-thumbnail size-thumbnail\" alt=\"\" \/><\/a>\n\t\t\t<\/dt><\/dl><br style=\"clear: both\" \/>\n\t\t<\/div>\n\n<hr \/>\n<p><strong>Troisi\u00e8me\u00a0escale : MONTROUGE, mars -avril 2014\u00a0<\/strong>(M\u00e9diath\u00e8que<a href=\"http:\/\/pilau.fr\/wordpress\/wp-content\/uploads\/2014\/10\/AFFICHE-DICI-ET-LA-BAS.gif\"><img loading=\"lazy\" decoding=\"async\" class=\"alignright wp-image-333 size-medium\" src=\"http:\/\/pilau.fr\/wordpress\/wp-content\/uploads\/2014\/10\/AFFICHE-DICI-ET-LA-BAS-212x300.gif\" alt=\"AFFICHE-DICI-ET-LA-BASmontrouge\" width=\"212\" height=\"300\" srcset=\"http:\/\/pilau.fr\/wordpress\/wp-content\/uploads\/2014\/10\/AFFICHE-DICI-ET-LA-BAS-212x300.gif 212w, http:\/\/pilau.fr\/wordpress\/wp-content\/uploads\/2014\/10\/AFFICHE-DICI-ET-LA-BAS-724x1024.gif 724w\" sizes=\"(max-width: 212px) 100vw, 212px\" \/><\/a>)<\/p>\n<p>Avec\u00a0: Junik Shin, Alex Dantas, Emma Vakarelova, R\u00e9za Ri\u00e0hi, Jooa Chung, Saloomeh Sayah, Morgane Parisi, \u00c1lvaro Nofuentes, Wei Li, Lei Fang, Blas Parra Lamb\u00edes, Zo\u00e9 Jusseret.<\/p>\n<div id='gallery-3' class='gallery galleryid-41 gallery-columns-5 gallery-size-thumbnail'><dl class='gallery-item'>\n\t\t\t<dt class='gallery-icon landscape'>\n\t\t\t\t<a href='http:\/\/pilau.fr\/wordpress\/?attachment_id=350'><img loading=\"lazy\" decoding=\"async\" width=\"150\" height=\"150\" src=\"http:\/\/pilau.fr\/wordpress\/wp-content\/uploads\/2014\/10\/expo-BD-mediath_9_49-150x150.jpg\" class=\"attachment-thumbnail size-thumbnail\" alt=\"\" \/><\/a>\n\t\t\t<\/dt><\/dl><dl class='gallery-item'>\n\t\t\t<dt class='gallery-icon landscape'>\n\t\t\t\t<a href='http:\/\/pilau.fr\/wordpress\/?attachment_id=344'><img loading=\"lazy\" decoding=\"async\" width=\"150\" height=\"150\" src=\"http:\/\/pilau.fr\/wordpress\/wp-content\/uploads\/2014\/10\/expo-BD-mediath_9_22-150x150.jpg\" class=\"attachment-thumbnail size-thumbnail\" alt=\"\" \/><\/a>\n\t\t\t<\/dt><\/dl><dl class='gallery-item'>\n\t\t\t<dt class='gallery-icon landscape'>\n\t\t\t\t<a href='http:\/\/pilau.fr\/wordpress\/?attachment_id=349'><img loading=\"lazy\" decoding=\"async\" width=\"150\" height=\"150\" src=\"http:\/\/pilau.fr\/wordpress\/wp-content\/uploads\/2014\/10\/expo-BD-mediath_9_47-150x150.jpg\" class=\"attachment-thumbnail size-thumbnail\" alt=\"\" \/><\/a>\n\t\t\t<\/dt><\/dl><dl class='gallery-item'>\n\t\t\t<dt class='gallery-icon landscape'>\n\t\t\t\t<a href='http:\/\/pilau.fr\/wordpress\/?attachment_id=341'><img loading=\"lazy\" decoding=\"async\" width=\"150\" height=\"150\" src=\"http:\/\/pilau.fr\/wordpress\/wp-content\/uploads\/2014\/10\/expo-BD-mediath_9_13-150x150.jpg\" class=\"attachment-thumbnail size-thumbnail\" alt=\"\" \/><\/a>\n\t\t\t<\/dt><\/dl><dl class='gallery-item'>\n\t\t\t<dt class='gallery-icon landscape'>\n\t\t\t\t<a href='http:\/\/pilau.fr\/wordpress\/?attachment_id=348'><img loading=\"lazy\" decoding=\"async\" width=\"150\" height=\"150\" src=\"http:\/\/pilau.fr\/wordpress\/wp-content\/uploads\/2014\/10\/expo-BD-mediath_9_45-150x150.jpg\" class=\"attachment-thumbnail size-thumbnail\" alt=\"\" \/><\/a>\n\t\t\t<\/dt><\/dl><br style=\"clear: both\" \/><dl class='gallery-item'>\n\t\t\t<dt class='gallery-icon landscape'>\n\t\t\t\t<a href='http:\/\/pilau.fr\/wordpress\/?attachment_id=346'><img loading=\"lazy\" decoding=\"async\" width=\"150\" height=\"150\" src=\"http:\/\/pilau.fr\/wordpress\/wp-content\/uploads\/2014\/10\/expo-BD-mediath_9_26-150x150.jpg\" class=\"attachment-thumbnail size-thumbnail\" alt=\"\" \/><\/a>\n\t\t\t<\/dt><\/dl><dl class='gallery-item'>\n\t\t\t<dt class='gallery-icon landscape'>\n\t\t\t\t<a href='http:\/\/pilau.fr\/wordpress\/?attachment_id=342'><img loading=\"lazy\" decoding=\"async\" width=\"150\" height=\"150\" src=\"http:\/\/pilau.fr\/wordpress\/wp-content\/uploads\/2014\/10\/expo-BD-mediath_9_15-150x150.jpg\" class=\"attachment-thumbnail size-thumbnail\" alt=\"\" \/><\/a>\n\t\t\t<\/dt><\/dl><dl class='gallery-item'>\n\t\t\t<dt class='gallery-icon portrait'>\n\t\t\t\t<a href='http:\/\/pilau.fr\/wordpress\/?attachment_id=345'><img loading=\"lazy\" decoding=\"async\" width=\"150\" height=\"150\" src=\"http:\/\/pilau.fr\/wordpress\/wp-content\/uploads\/2014\/10\/expo-BD-mediath_9_23-150x150.jpg\" class=\"attachment-thumbnail size-thumbnail\" alt=\"\" \/><\/a>\n\t\t\t<\/dt><\/dl><dl class='gallery-item'>\n\t\t\t<dt class='gallery-icon landscape'>\n\t\t\t\t<a href='http:\/\/pilau.fr\/wordpress\/?attachment_id=336'><img loading=\"lazy\" decoding=\"async\" width=\"150\" height=\"150\" src=\"http:\/\/pilau.fr\/wordpress\/wp-content\/uploads\/2014\/10\/expo-BD-mediath_9_7-150x150.jpg\" class=\"attachment-thumbnail size-thumbnail\" alt=\"\" \/><\/a>\n\t\t\t<\/dt><\/dl><dl class='gallery-item'>\n\t\t\t<dt class='gallery-icon landscape'>\n\t\t\t\t<a href='http:\/\/pilau.fr\/wordpress\/?attachment_id=335'><img loading=\"lazy\" decoding=\"async\" width=\"150\" height=\"150\" src=\"http:\/\/pilau.fr\/wordpress\/wp-content\/uploads\/2014\/10\/expo-BD-mediath_9_6-150x150.jpg\" class=\"attachment-thumbnail size-thumbnail\" alt=\"\" \/><\/a>\n\t\t\t<\/dt><\/dl><br style=\"clear: both\" \/><dl class='gallery-item'>\n\t\t\t<dt class='gallery-icon landscape'>\n\t\t\t\t<a href='http:\/\/pilau.fr\/wordpress\/?attachment_id=347'><img loading=\"lazy\" decoding=\"async\" width=\"150\" height=\"150\" src=\"http:\/\/pilau.fr\/wordpress\/wp-content\/uploads\/2014\/10\/expo-BD-mediath_9_41-150x150.jpg\" class=\"attachment-thumbnail size-thumbnail\" alt=\"\" \/><\/a>\n\t\t\t<\/dt><\/dl><dl class='gallery-item'>\n\t\t\t<dt class='gallery-icon landscape'>\n\t\t\t\t<a href='http:\/\/pilau.fr\/wordpress\/?attachment_id=338'><img loading=\"lazy\" decoding=\"async\" width=\"150\" height=\"150\" src=\"http:\/\/pilau.fr\/wordpress\/wp-content\/uploads\/2014\/10\/expo-BD-mediath_9_9-150x150.jpg\" class=\"attachment-thumbnail size-thumbnail\" alt=\"\" \/><\/a>\n\t\t\t<\/dt><\/dl><dl class='gallery-item'>\n\t\t\t<dt class='gallery-icon landscape'>\n\t\t\t\t<a href='http:\/\/pilau.fr\/wordpress\/?attachment_id=351'><img loading=\"lazy\" decoding=\"async\" width=\"150\" height=\"150\" src=\"http:\/\/pilau.fr\/wordpress\/wp-content\/uploads\/2014\/10\/expo-BD-mediath_9_50-150x150.jpg\" class=\"attachment-thumbnail size-thumbnail\" alt=\"\" \/><\/a>\n\t\t\t<\/dt><\/dl><dl class='gallery-item'>\n\t\t\t<dt class='gallery-icon landscape'>\n\t\t\t\t<a href='http:\/\/pilau.fr\/wordpress\/?attachment_id=340'><img loading=\"lazy\" decoding=\"async\" width=\"150\" height=\"150\" src=\"http:\/\/pilau.fr\/wordpress\/wp-content\/uploads\/2014\/10\/expo-BD-mediath_9_12-150x150.jpg\" class=\"attachment-thumbnail size-thumbnail\" alt=\"\" \/><\/a>\n\t\t\t<\/dt><\/dl><dl class='gallery-item'>\n\t\t\t<dt class='gallery-icon landscape'>\n\t\t\t\t<a href='http:\/\/pilau.fr\/wordpress\/?attachment_id=339'><img loading=\"lazy\" decoding=\"async\" width=\"150\" height=\"150\" src=\"http:\/\/pilau.fr\/wordpress\/wp-content\/uploads\/2014\/10\/expo-BD-mediath_9_11-150x150.jpg\" class=\"attachment-thumbnail size-thumbnail\" alt=\"\" \/><\/a>\n\t\t\t<\/dt><\/dl><br style=\"clear: both\" \/><dl class='gallery-item'>\n\t\t\t<dt class='gallery-icon landscape'>\n\t\t\t\t<a href='http:\/\/pilau.fr\/wordpress\/?attachment_id=337'><img loading=\"lazy\" decoding=\"async\" width=\"150\" height=\"150\" src=\"http:\/\/pilau.fr\/wordpress\/wp-content\/uploads\/2014\/10\/expo-BD-mediath_9_8-150x150.jpg\" class=\"attachment-thumbnail size-thumbnail\" alt=\"\" \/><\/a>\n\t\t\t<\/dt><\/dl><dl class='gallery-item'>\n\t\t\t<dt class='gallery-icon landscape'>\n\t\t\t\t<a href='http:\/\/pilau.fr\/wordpress\/?attachment_id=343'><img loading=\"lazy\" decoding=\"async\" width=\"150\" height=\"150\" src=\"http:\/\/pilau.fr\/wordpress\/wp-content\/uploads\/2014\/10\/expo-BD-mediath_9_18-150x150.jpg\" class=\"attachment-thumbnail size-thumbnail\" alt=\"\" \/><\/a>\n\t\t\t<\/dt><\/dl>\n\t\t\t<br style='clear: both' \/>\n\t\t<\/div>\n\n<p>&nbsp;<\/p>\n","protected":false},"excerpt":{"rendered":"<p>D\u2019ici, de l\u00e0-bas\u00a0: une exposition de bandes dessin\u00e9es du monde entier. A chaque escale (Angoul\u00eame, Bruxelles, Montrouge\u2026) l\u2019exposition se renouvelle pour montrer une nouvelle s\u00e9lection d\u2019artistes \u00e9mergents de tous les continents. A chaque escale, nous r\u00e9inventons une sc\u00e9nographie adapt\u00e9e au&hellip;<\/p>\n<p class=\"more-link-p\"><a class=\"more-link\" href=\"http:\/\/pilau.fr\/wordpress\/?page_id=41\">Read more &rarr;<\/a><\/p>\n","protected":false},"author":1,"featured_media":0,"parent":38,"menu_order":0,"comment_status":"open","ping_status":"open","template":"","meta":{"footnotes":""},"_links":{"self":[{"href":"http:\/\/pilau.fr\/wordpress\/index.php?rest_route=\/wp\/v2\/pages\/41"}],"collection":[{"href":"http:\/\/pilau.fr\/wordpress\/index.php?rest_route=\/wp\/v2\/pages"}],"about":[{"href":"http:\/\/pilau.fr\/wordpress\/index.php?rest_route=\/wp\/v2\/types\/page"}],"author":[{"embeddable":true,"href":"http:\/\/pilau.fr\/wordpress\/index.php?rest_route=\/wp\/v2\/users\/1"}],"replies":[{"embeddable":true,"href":"http:\/\/pilau.fr\/wordpress\/index.php?rest_route=%2Fwp%2Fv2%2Fcomments&post=41"}],"version-history":[{"count":10,"href":"http:\/\/pilau.fr\/wordpress\/index.php?rest_route=\/wp\/v2\/pages\/41\/revisions"}],"predecessor-version":[{"id":352,"href":"http:\/\/pilau.fr\/wordpress\/index.php?rest_route=\/wp\/v2\/pages\/41\/revisions\/352"}],"up":[{"embeddable":true,"href":"http:\/\/pilau.fr\/wordpress\/index.php?rest_route=\/wp\/v2\/pages\/38"}],"wp:attachment":[{"href":"http:\/\/pilau.fr\/wordpress\/index.php?rest_route=%2Fwp%2Fv2%2Fmedia&parent=41"}],"curies":[{"name":"wp","href":"https:\/\/api.w.org\/{rel}","templated":true}]}}